{"id":971,"date":"2026-06-09T15:34:09","date_gmt":"2026-06-09T13:34:09","guid":{"rendered":"https:\/\/www.offtrailexperience.poje9906.odns.fr\/?page_id=971"},"modified":"2026-08-26T22:38:00","modified_gmt":"2026-08-26T20:38:00","slug":"featured","status":"publish","type":"page","link":"https:\/\/offtrailexperience.com\/en\/evenement-outdoor\/featured\/","title":{"rendered":"Featured"},"content":{"rendered":"<div class=\"wp-block-group alignfull otx-rendezvan-page is-layout-constrained wp-block-group-is-layout-constrained\">\n<div class=\"wp-block-cover alignwide has-custom-content-position is-position-top-center otx-rv-hero\" style=\"margin-top:0;min-height:100vh;aspect-ratio:unset;\"><img loading=\"lazy\" decoding=\"async\" width=\"1376\" height=\"768\" class=\"wp-block-cover__image-background wp-image-9135 size-large\" alt=\"Featured-evenement-Vletemple-Offtrail-Experience\" src=\"https:\/\/offtrailexperience.com\/wp-content\/uploads\/2026\/08\/Vletemple.webp\" style=\"object-position:48% 0%\" data-object-fit=\"cover\" data-object-position=\"48% 0%\" srcset=\"https:\/\/offtrailexperience.com\/wp-content\/uploads\/2026\/08\/Vletemple.webp 1376w, https:\/\/offtrailexperience.com\/wp-content\/uploads\/2026\/08\/Vletemple-300x167.webp 300w, https:\/\/offtrailexperience.com\/wp-content\/uploads\/2026\/08\/Vletemple-1024x572.webp 1024w, https:\/\/offtrailexperience.com\/wp-content\/uploads\/2026\/08\/Vletemple-768x429.webp 768w, https:\/\/offtrailexperience.com\/wp-content\/uploads\/2026\/08\/Vletemple-18x10.webp 18w\" sizes=\"auto, (max-width: 1376px) 100vw, 1376px\" \/><span aria-hidden=\"true\" class=\"wp-block-cover__background has-background-dim-0 has-background-dim\" style=\"background-color:#85765a\"><\/span><div class=\"wp-block-cover__inner-container is-layout-flow wp-block-cover-is-layout-flow\"><\/div><\/div>\n<\/div>\n\n\n\n<div class=\"wp-block-group alignwide otx-rv-breadcrumb is-layout-constrained wp-block-group-is-layout-constrained\" style=\"padding-top:var(--wp--preset--spacing--30);padding-bottom:var(--wp--preset--spacing--20)\">\n<p class=\"wp-block-paragraph\"><a href=\"\/en\/\">Homepage<\/a> <span>\u203a<\/span> <a href=\"\/en\/evenement-outdoor\/\" data-type=\"link\" data-id=\"\/evenement-outdoor\/\">Events<\/a> <span>\u203a<\/span> <strong>Rendez-Van<\/strong><\/p>\n<\/div>\n\n\n\n<div class=\"wp-block-group alignwide otx-rv-intro is-layout-constrained wp-block-group-is-layout-constrained\" style=\"padding-top:var(--wp--preset--spacing--30);padding-bottom:var(--wp--preset--spacing--50)\">\n<div class=\"wp-block-columns are-vertically-aligned-bottom otx-rv-intro-grid is-layout-flex wp-container-core-columns-is-layout-8f761849 wp-block-columns-is-layout-flex\">\n<div class=\"wp-block-column is-vertically-aligned-bottom is-layout-flow wp-block-column-is-layout-flow\" style=\"flex-basis:62%\">\n<h2 class=\"wp-block-heading otx-rv-subtitle\">Ferme de Bourgogne \u00b7 Villers-le-Temple \u00b7 3 and 4 October 2026<\/h2>\n\n\n\n<p class=\"otx-rv-lead wp-block-paragraph\">Join us at Ferme de Bourgogne in Villers-le-Temple for a friendly weekend dedicated to vans, motorhomes, converted vehicles and rooftop tents. Whether you are an enthusiast, the owner of a converted vehicle or simply curious to discover this world, you are welcome.<\/p>\n<\/div>\n\n\n\n<div class=\"wp-block-column is-vertically-aligned-bottom is-layout-flow wp-block-column-is-layout-flow\" style=\"flex-basis:38%\">\n<div class=\"wp-block-buttons otx-rv-intro-buttons is-content-justification-right is-layout-flex wp-container-core-buttons-is-layout-89b4c9e9 wp-block-buttons-is-layout-flex\">\n<div class=\"wp-block-button otx-btn-gold\"><a class=\"wp-block-button__link wp-element-button\" href=\"\/en\/contact\/\">Book now<\/a><\/div>\n<\/div>\n<\/div>\n<\/div>\n\n\n\n<div class=\"wp-block-columns otx-rv-facts is-layout-flex wp-container-core-columns-is-layout-8f761849 wp-block-columns-is-layout-flex\">\n<div class=\"wp-block-column is-layout-flow wp-block-column-is-layout-flow\">\n<div class=\"wp-block-group otx-rv-fact is-nowrap is-layout-flex wp-container-core-group-is-layout-8f761849 wp-block-group-is-layout-flex\">\n<p class=\"otx-rv-fact-icon wp-block-paragraph\">\u25a3<\/p>\n\n\n\n<p class=\"wp-block-paragraph\"><strong>Camper vehicle:<\/strong> 10 \u20ac<\/p>\n<\/div>\n<\/div>\n\n\n\n<div class=\"wp-block-column is-layout-flow wp-block-column-is-layout-flow\">\n<div class=\"wp-block-group otx-rv-fact is-nowrap is-layout-flex wp-container-core-group-is-layout-8f761849 wp-block-group-is-layout-flex\">\n<p class=\"otx-rv-fact-icon wp-block-paragraph\">\u24d8<\/p>\n\n\n\n<p class=\"wp-block-paragraph\"><strong>Booking required<\/strong><\/p>\n<\/div>\n<\/div>\n\n\n\n<div class=\"wp-block-column is-layout-flow wp-block-column-is-layout-flow\"><\/div>\n<\/div>\n<\/div>\n\n\n\n<div class=\"wp-block-group alignwide otx-rv-programme is-layout-constrained wp-container-core-group-is-layout-67caa0ee wp-block-group-is-layout-constrained\" id=\"programme\" style=\"padding-top:var(--wp--preset--spacing--40);padding-right:var(--wp--preset--spacing--40);padding-bottom:var(--wp--preset--spacing--50);padding-left:var(--wp--preset--spacing--40)\">\n<h2 class=\"wp-block-heading has-text-align-center otx-rv-section-title\">Programme<\/h2>\n\n\n\n<p class=\"has-text-align-center otx-rv-section-lead wp-block-paragraph\">A gathering of converted vehicles, meet-ups and conversations between enthusiasts, discovery of vehicles and their conversions, and sharing experiences, tips and travel ideas.<\/p>\n\n\n\n<div class=\"wp-block-columns are-vertically-aligned-center otx-rv-programme-grid is-layout-flex wp-container-core-columns-is-layout-8f761849 wp-block-columns-is-layout-flex\">\n<div class=\"wp-block-column is-vertically-aligned-center is-layout-flow wp-block-column-is-layout-flow\" style=\"flex-basis:72%\">\n<div class=\"wp-block-columns otx-rv-day-grid is-layout-flex wp-container-core-columns-is-layout-8f761849 wp-block-columns-is-layout-flex\">\n<div class=\"wp-block-column is-layout-flow wp-block-column-is-layout-flow\">\n<div class=\"wp-block-group otx-rv-day-card is-layout-constrained wp-block-group-is-layout-constrained\">\n<h3 class=\"wp-block-heading has-text-align-center\">Saturday 3 October<\/h3>\n\n\n\n<div class=\"wp-block-group otx-rv-time-slot is-vertical is-content-justification-center is-layout-flex wp-container-core-group-is-layout-524f8de7 wp-block-group-is-layout-flex\" style=\"min-height:140px\">\n<p class=\"has-text-align-center has-text-color has-x-large-font-size wp-block-paragraph\" style=\"color:#c7922f;margin-top:0;margin-bottom:0;font-style:normal;font-weight:800;line-height:1.05\">1pm \u2013 10pm<\/p>\n<\/div>\n<\/div>\n<\/div>\n\n\n\n<div class=\"wp-block-column is-layout-flow wp-block-column-is-layout-flow\">\n<div class=\"wp-block-group otx-rv-day-card is-layout-constrained wp-block-group-is-layout-constrained\">\n<h3 class=\"wp-block-heading has-text-align-center\">Sunday 4 October<\/h3>\n\n\n\n<div class=\"wp-block-group otx-rv-time-slot is-vertical is-content-justification-center is-layout-flex wp-container-core-group-is-layout-524f8de7 wp-block-group-is-layout-flex\" style=\"min-height:140px\">\n<p class=\"has-text-align-center has-text-color has-x-large-font-size wp-block-paragraph\" style=\"color:#c7922f;margin-top:0;margin-bottom:0;font-style:normal;font-weight:800;line-height:1.05\">10am \u2013 5pm<\/p>\n<\/div>\n<\/div>\n<\/div>\n<\/div>\n<\/div>\n\n\n\n<div class=\"wp-block-column is-vertically-aligned-center is-layout-flow wp-block-column-is-layout-flow\" style=\"flex-basis:28%\">\n<figure class=\"wp-block-image size-large otx-rv-programme-image\"><img loading=\"lazy\" decoding=\"async\" width=\"1024\" height=\"768\" src=\"https:\/\/offtrailexperience.com\/wp-content\/uploads\/2026\/06\/au-programme-1024x768.webp\" alt=\"Au-programme-evenement-featured-Offtrail-Experience\" class=\"wp-image-1072\" srcset=\"https:\/\/offtrailexperience.com\/wp-content\/uploads\/2026\/06\/au-programme-1024x768.webp 1024w, https:\/\/offtrailexperience.com\/wp-content\/uploads\/2026\/06\/au-programme-300x225.webp 300w, https:\/\/offtrailexperience.com\/wp-content\/uploads\/2026\/06\/au-programme-768x576.webp 768w, https:\/\/offtrailexperience.com\/wp-content\/uploads\/2026\/06\/au-programme-16x12.webp 16w, https:\/\/offtrailexperience.com\/wp-content\/uploads\/2026\/06\/au-programme-600x450.webp 600w, https:\/\/offtrailexperience.com\/wp-content\/uploads\/2026\/06\/au-programme.webp 1448w\" sizes=\"auto, (max-width: 1024px) 100vw, 1024px\" \/><\/figure>\n<\/div>\n<\/div>\n<\/div>\n\n\n\n<div class=\"wp-block-columns is-layout-flex wp-container-core-columns-is-layout-8f761849 wp-block-columns-is-layout-flex\">\n<div class=\"wp-block-column is-layout-flow wp-block-column-is-layout-flow\" style=\"flex-basis:100%\">\n<div class=\"wp-block-group alignwide otx-rv-weekend is-layout-constrained wp-block-group-is-layout-constrained\" style=\"padding-top:var(--wp--preset--spacing--20);padding-bottom:var(--wp--preset--spacing--50)\">\n<h2 class=\"wp-block-heading has-text-align-center otx-rv-section-title\" style=\"margin-bottom:var(--wp--preset--spacing--60)\">Throughout the weekend<\/h2>\n\n\n\n<div class=\"wp-block-columns otx-rv-icon-strip is-layout-flex wp-container-core-columns-is-layout-8f761849 wp-block-columns-is-layout-flex\">\n<div class=\"wp-block-column is-layout-flow wp-block-column-is-layout-flow\">\n<div class=\"wp-block-group otx-rv-icon-card is-layout-constrained wp-block-group-is-layout-constrained\">\n<style>\n.otx-rv-icon-mark{\n  display:flex;\n  align-items:center;\n  justify-content:center;\n  width:48px;\n  height:48px;\n  margin:0 auto;\n  color:#c7922f;\n  line-height:0;\n}\n\n.otx-rv-icon-mark svg{\n  display:block;\n  width:100%;\n  height:100%;\n}\n<\/style>\n\n<span class=\"otx-rv-icon-mark\" aria-hidden=\"true\">\n  <svg viewbox=\"0 0 64 64\" role=\"img\" focusable=\"false\" xmlns=\"https:\/\/www.w3.org\/2000\/svg\">\n    <path d=\"M20.2 27.6c-5.7 0-10.3 4.6-10.3 10.3v8.7c0 1.8 1.5 3.3 3.3 3.3h8.6V36.8c0-3.4 1.2-6.6 3.3-9.1-1.5-.1-3.1-.1-4.9-.1Z\" fill=\"currentColor\"><\/path>\n    <circle cx=\"20.2\" cy=\"18.1\" r=\"8.1\" fill=\"currentColor\"><\/circle>\n    <path d=\"M32 29.3c-6.7 0-12.1 5.4-12.1 12.1v10.4c0 2 1.6 3.6 3.6 3.6h17c2 0 3.6-1.6 3.6-3.6V41.4c0-6.7-5.4-12.1-12.1-12.1Z\" fill=\"currentColor\"><\/path>\n    <circle cx=\"32\" cy=\"17.1\" r=\"9.4\" fill=\"currentColor\"><\/circle>\n    <path d=\"M43.8 27.6c-1.8 0-3.4 0-4.9.1 2.1 2.5 3.3 5.7 3.3 9.1v13.1h8.6c1.8 0 3.3-1.5 3.3-3.3v-8.7c0-5.7-4.6-10.3-10.3-10.3Z\" fill=\"currentColor\"><\/path>\n    <circle cx=\"43.8\" cy=\"18.1\" r=\"8.1\" fill=\"currentColor\"><\/circle>\n  <\/svg>\n<\/span>\n\n\n\n<h3 class=\"wp-block-heading has-text-align-center\">Meet-ups &amp; conversations<\/h3>\n<\/div>\n<\/div>\n\n\n\n<div class=\"wp-block-column is-layout-flow wp-block-column-is-layout-flow\">\n<div class=\"wp-block-group otx-rv-icon-card is-layout-constrained wp-block-group-is-layout-constrained\">\n<span class=\"otx-rv-icon-mark\" aria-hidden=\"true\">\n  <svg viewbox=\"0 0 24 24\" role=\"img\" focusable=\"false\">\n    <path\n      d=\"M12 3.5v17\"\n      fill=\"none\"\n      stroke=\"currentColor\"\n      stroke-width=\"1.8\"\n      stroke-linecap=\"round\"\n    ><\/path>\n\n    <path\n      d=\"M12 6h6.2l1.8 2.2-1.8 2.2H12\"\n      fill=\"none\"\n      stroke=\"currentColor\"\n      stroke-width=\"1.8\"\n      stroke-linecap=\"round\"\n      stroke-linejoin=\"round\"\n    ><\/path>\n\n    <path\n      d=\"M12 11.8H5.8L4 14l1.8 2.2H12\"\n      fill=\"none\"\n      stroke=\"currentColor\"\n      stroke-width=\"1.8\"\n      stroke-linecap=\"round\"\n      stroke-linejoin=\"round\"\n    ><\/path>\n\n    <path\n      d=\"M9 20.5h6\"\n      fill=\"none\"\n      stroke=\"currentColor\"\n      stroke-width=\"1.8\"\n      stroke-linecap=\"round\"\n    ><\/path>\n  <\/svg>\n<\/span>\n\n\n\n<h3 class=\"wp-block-heading has-text-align-center\">Walks &amp; visits<\/h3>\n<\/div>\n<\/div>\n\n\n\n<div class=\"wp-block-column is-layout-flow wp-block-column-is-layout-flow\">\n<div class=\"wp-block-group otx-rv-icon-card is-layout-constrained wp-block-group-is-layout-constrained\">\n<span class=\"otx-rv-icon-mark\" aria-hidden=\"true\">\n  <svg viewbox=\"0 0 24 24\" role=\"img\" focusable=\"false\">\n    <!-- grille -->\n    <path\n      d=\"M7 8.2h10\"\n      fill=\"none\"\n      stroke=\"currentColor\"\n      stroke-width=\"1.8\"\n      stroke-linecap=\"round\"\n    ><\/path>\n    <path\n      d=\"M8.8 6.8v2.8\"\n      fill=\"none\"\n      stroke=\"currentColor\"\n      stroke-width=\"1.6\"\n      stroke-linecap=\"round\"\n    ><\/path>\n    <path\n      d=\"M12 6.8v2.8\"\n      fill=\"none\"\n      stroke=\"currentColor\"\n      stroke-width=\"1.6\"\n      stroke-linecap=\"round\"\n    ><\/path>\n    <path\n      d=\"M15.2 6.8v2.8\"\n      fill=\"none\"\n      stroke=\"currentColor\"\n      stroke-width=\"1.6\"\n      stroke-linecap=\"round\"\n    ><\/path>\n\n    <!-- flamme -->\n    <path\n      d=\"M12 4.3c1.2 1.1 1.9 2.1 1.9 3.3 0 1.2-.8 2.2-1.9 2.2s-1.9-1-1.9-2.2c0-.7.3-1.4.8-2 .3-.4.7-.8 1.1-1.3z\"\n      fill=\"currentColor\"\n    ><\/path>\n\n    <!-- cuve du brasero -->\n    <path\n      d=\"M6 10.3h12c-.1 2.3-1.2 4.2-2.8 5.4H8.8C7.2 14.5 6.1 12.6 6 10.3z\"\n      fill=\"none\"\n      stroke=\"currentColor\"\n      stroke-width=\"1.8\"\n      stroke-linejoin=\"round\"\n    ><\/path>\n\n    <!-- pieds -->\n    <path\n      d=\"M9.3 15.7l-1.4 3\"\n      fill=\"none\"\n      stroke=\"currentColor\"\n      stroke-width=\"1.8\"\n      stroke-linecap=\"round\"\n    ><\/path>\n    <path\n      d=\"M14.7 15.7l1.4 3\"\n      fill=\"none\"\n      stroke=\"currentColor\"\n      stroke-width=\"1.8\"\n      stroke-linecap=\"round\"\n    ><\/path>\n\n    <!-- barre basse -->\n    <path\n      d=\"M7.2 19.2h9.6\"\n      fill=\"none\"\n      stroke=\"currentColor\"\n      stroke-width=\"1.8\"\n      stroke-linecap=\"round\"\n    ><\/path>\n  <\/svg>\n<\/span>\n\n\n\n<h3 class=\"wp-block-heading has-text-align-center\">Fire pit &amp; barbecue<\/h3>\n<\/div>\n<\/div>\n\n\n\n<div class=\"wp-block-column is-layout-flow wp-block-column-is-layout-flow\">\n<div class=\"wp-block-group otx-rv-icon-card is-layout-constrained wp-block-group-is-layout-constrained\">\n<span class=\"otx-rv-icon-mark\" aria-hidden=\"true\">\n  <svg viewbox=\"0 0 24 24\" role=\"img\" focusable=\"false\">\n\n    <!-- carrosserie -->\n    <path\n      d=\"M3.2 8.2h11.9c1.6 0 3 .7 4 2l1.7 2.1v4.2H19\"\n      fill=\"none\"\n      stroke=\"currentColor\"\n      stroke-width=\"1.7\"\n      stroke-linecap=\"round\"\n      stroke-linejoin=\"round\"\n    \/>\n\n    <!-- toit -->\n    <path\n      d=\"M5 8.2 6.4 5.5h7.4l1.3 2.7\"\n      fill=\"none\"\n      stroke=\"currentColor\"\n      stroke-width=\"1.7\"\n      stroke-linejoin=\"round\"\n    \/>\n\n    <!-- avant du van -->\n    <path\n      d=\"M15.5 9.3h2.2l2.3 3h-4.5z\"\n      fill=\"none\"\n      stroke=\"currentColor\"\n      stroke-width=\"1.5\"\n      stroke-linejoin=\"round\"\n    \/>\n\n    <!-- porte ouverte \/ am\u00e9nagement -->\n    <path\n      d=\"M7 10h6v6.5H7z\"\n      fill=\"none\"\n      stroke=\"currentColor\"\n      stroke-width=\"1.6\"\n      stroke-linejoin=\"round\"\n    \/>\n\n    <!-- meuble -->\n    <path\n      d=\"M8.2 13.1h3.6v3.4H8.2z\"\n      fill=\"currentColor\"\n    \/>\n\n    <!-- tablette \/ couchage -->\n    <path\n      d=\"M8.1 11.3h3.8\"\n      fill=\"none\"\n      stroke=\"currentColor\"\n      stroke-width=\"1.4\"\n      stroke-linecap=\"round\"\n    \/>\n\n    <!-- bas de caisse -->\n    <path\n      d=\"M3.2 16.5h2.1M13.9 16.5h2.7\"\n      fill=\"none\"\n      stroke=\"currentColor\"\n      stroke-width=\"1.7\"\n      stroke-linecap=\"round\"\n    \/>\n\n    <!-- roues -->\n    <circle\n      cx=\"6.2\"\n      cy=\"17\"\n      r=\"1.8\"\n      fill=\"none\"\n      stroke=\"currentColor\"\n      stroke-width=\"1.7\"\n    \/>\n\n    <circle\n      cx=\"17.6\"\n      cy=\"17\"\n      r=\"1.8\"\n      fill=\"none\"\n      stroke=\"currentColor\"\n      stroke-width=\"1.7\"\n    \/>\n\n  <\/svg>\n<\/span>\n\n\n\n<h3 class=\"wp-block-heading has-text-align-center\">Discover the vehicles &amp; their conversions<\/h3>\n<\/div>\n<\/div>\n\n\n\n<div class=\"wp-block-column is-layout-flow wp-block-column-is-layout-flow\">\n<div class=\"wp-block-group otx-rv-icon-card is-layout-constrained wp-block-group-is-layout-constrained\">\n<span class=\"otx-rv-icon-mark\" aria-hidden=\"true\">\n  <svg viewbox=\"0 0 64 48\" role=\"img\" focusable=\"false\">\n    <path fill=\"currentColor\" d=\"M10 10c0-1.1.9-2 2-2h25.5c1.1 0 2 .9 2 2 0 .3-.1.6-.2.8L32 28.5V36h8c1.1 0 2 .9 2 2s-.9 2-2 2H16c-1.1 0-2-.9-2-2s.9-2 2-2h8v-7.5l-7.3-17.7c-.1-.2-.2-.5-.2-.8zm5 2 6.4 15h9.2L36 12H15zm34.5 1.5c2.5 0 4.5 2 4.5 4.5 0 1.7-.9 3.1-2.3 3.9l-3.6 2.1c-.9.5-2.1.2-2.7-.7-.5-.9-.2-2.1.7-2.7l3.6-2.1c.2-.1.3-.3.3-.5 0-.3-.2-.5-.5-.5h-2c-1.1 0-2-.9-2-2s.9-2 2-2h2z\"><\/path>\n  <\/svg>\n<\/span>\n\n\n\n<h3 class=\"wp-block-heading has-text-align-center\">Bar<\/h3>\n<\/div>\n<\/div>\n<\/div>\n<\/div>\n<\/div>\n<\/div>\n\n\n\n<div class=\"wp-block-columns alignwide otx-rv-info-grid is-layout-flex wp-container-core-columns-is-layout-c34e0e0f wp-block-columns-is-layout-flex\" style=\"padding-bottom:var(--wp--preset--spacing--50)\">\n<div class=\"wp-block-column is-layout-flow wp-block-column-is-layout-flow\" style=\"flex-basis:40%\">\n<div class=\"wp-block-group otx-rv-dark-card is-layout-constrained wp-block-group-is-layout-constrained\">\n<h2 class=\"wp-block-heading\">An event to experience the vanlife spirit to the full<\/h2>\n\n\n\n<p class=\"wp-block-paragraph\">Whether you are an enthusiast, the owner of a converted vehicle or simply curious to discover this world, you are welcome.<\/p>\n\n\n\n<ul class=\"wp-block-list otx-rv-check-list\">\n<li>Gathering of converted vehicles<\/li>\n\n\n\n<li>Meet-ups and conversations between enthusiasts<\/li>\n\n\n\n<li>Discover the vehicles and their conversions<\/li>\n\n\n\n<li>Share experiences, tips and travel ideas<\/li>\n\n\n\n<li>Bar serving local beers and local wines<\/li>\n\n\n\n<li>Sharing boards of cheese and charcuterie<\/li>\n\n\n\n<li>Children's play area<\/li>\n\n\n\n<li>Overnight stay in your vehicle on site<\/li>\n\n\n\n<li>Fire pit or barbecue, weather and conditions permitting<\/li>\n\n\n\n<li>A privileged setting with open views<\/li>\n\n\n\n<li>Additional activities: walks and visits<\/li>\n<\/ul>\n<\/div>\n<\/div>\n\n\n\n<div class=\"wp-block-column is-vertically-aligned-center is-layout-flow wp-block-column-is-layout-flow\" style=\"flex-basis:60%\">\n<div class=\"wp-block-columns is-layout-flex wp-container-core-columns-is-layout-8f761849 wp-block-columns-is-layout-flex\">\n<div class=\"wp-block-column is-layout-flow wp-block-column-is-layout-flow\">\n<div class=\"wp-block-group otx-rv-image-card is-layout-constrained wp-block-group-is-layout-constrained\">\n<figure class=\"wp-block-image size-large\"><img loading=\"lazy\" decoding=\"async\" width=\"1024\" height=\"755\" src=\"https:\/\/offtrailexperience.com\/wp-content\/uploads\/2026\/06\/rahier-1024x755.webp\" alt=\"Rahier-featured-evenement-Offtrail-Experience\" class=\"wp-image-1090\" style=\"aspect-ratio:4\/3;object-fit:cover\" srcset=\"https:\/\/offtrailexperience.com\/wp-content\/uploads\/2026\/06\/rahier-1024x755.webp 1024w, https:\/\/offtrailexperience.com\/wp-content\/uploads\/2026\/06\/rahier-300x221.webp 300w, https:\/\/offtrailexperience.com\/wp-content\/uploads\/2026\/06\/rahier-768x566.webp 768w, https:\/\/offtrailexperience.com\/wp-content\/uploads\/2026\/06\/rahier-16x12.webp 16w, https:\/\/offtrailexperience.com\/wp-content\/uploads\/2026\/06\/rahier-600x442.webp 600w, https:\/\/offtrailexperience.com\/wp-content\/uploads\/2026\/06\/rahier.webp 1367w\" sizes=\"auto, (max-width: 1024px) 100vw, 1024px\" \/><\/figure>\n\n\n\n<h3 class=\"wp-block-heading\">Ferme de Bourgogne<\/h3>\n\n\n\n<p class=\"wp-block-paragraph\">In Villers-le-Temple, in a privileged setting with open views.<\/p>\n<\/div>\n<\/div>\n\n\n\n<div class=\"wp-block-column is-layout-flow wp-block-column-is-layout-flow\">\n<div class=\"wp-block-group otx-rv-image-card is-layout-constrained wp-block-group-is-layout-constrained\">\n<figure class=\"wp-block-image size-large\"><img loading=\"lazy\" decoding=\"async\" width=\"1024\" height=\"670\" src=\"https:\/\/offtrailexperience.com\/wp-content\/uploads\/2026\/06\/convivialite-1024x670.webp\" alt=\"Convivialite-featured-evenement-Offtrail-Experience\" class=\"wp-image-1102\" style=\"aspect-ratio:4\/3;object-fit:cover\" srcset=\"https:\/\/offtrailexperience.com\/wp-content\/uploads\/2026\/06\/convivialite-1024x670.webp 1024w, https:\/\/offtrailexperience.com\/wp-content\/uploads\/2026\/06\/convivialite-300x196.webp 300w, https:\/\/offtrailexperience.com\/wp-content\/uploads\/2026\/06\/convivialite-768x502.webp 768w, https:\/\/offtrailexperience.com\/wp-content\/uploads\/2026\/06\/convivialite-18x12.webp 18w, https:\/\/offtrailexperience.com\/wp-content\/uploads\/2026\/06\/convivialite-600x392.webp 600w, https:\/\/offtrailexperience.com\/wp-content\/uploads\/2026\/06\/convivialite.webp 1486w\" sizes=\"auto, (max-width: 1024px) 100vw, 1024px\" \/><\/figure>\n\n\n\n<h3 class=\"wp-block-heading\">Friendly atmosphere guaranteed<\/h3>\n\n\n\n<p class=\"wp-block-paragraph\">Sharing, mutual support and good humour.<\/p>\n<\/div>\n<\/div>\n\n\n\n<div class=\"wp-block-column is-layout-flow wp-block-column-is-layout-flow\">\n<div class=\"wp-block-group otx-rv-image-card is-layout-constrained wp-block-group-is-layout-constrained\">\n<figure class=\"wp-block-image size-large\"><img loading=\"lazy\" decoding=\"async\" width=\"1024\" height=\"768\" src=\"https:\/\/offtrailexperience.com\/wp-content\/uploads\/2026\/06\/fourgons-1024x768.webp\" alt=\"vehicules- \u00c9v\u00e9nement Featured\" class=\"wp-image-1104\" style=\"aspect-ratio:4\/3;object-fit:cover\" srcset=\"https:\/\/offtrailexperience.com\/wp-content\/uploads\/2026\/06\/fourgons-1024x768.webp 1024w, https:\/\/offtrailexperience.com\/wp-content\/uploads\/2026\/06\/fourgons-300x225.webp 300w, https:\/\/offtrailexperience.com\/wp-content\/uploads\/2026\/06\/fourgons-768x576.webp 768w, https:\/\/offtrailexperience.com\/wp-content\/uploads\/2026\/06\/fourgons-16x12.webp 16w, https:\/\/offtrailexperience.com\/wp-content\/uploads\/2026\/06\/fourgons-600x450.webp 600w, https:\/\/offtrailexperience.com\/wp-content\/uploads\/2026\/06\/fourgons.webp 1448w\" sizes=\"auto, (max-width: 1024px) 100vw, 1024px\" \/><\/figure>\n\n\n\n<h3 class=\"wp-block-heading\">Vans, motorhomes, converted vehicles and rooftop tents<\/h3>\n\n\n\n<p class=\"wp-block-paragraph\">Whether you own a converted vehicle or are simply curious to discover this world, you are welcome.<\/p>\n<\/div>\n<\/div>\n<\/div>\n<\/div>\n<\/div>\n\n\n\n<div class=\"wp-block-group alignwide otx-rv-practical-section is-layout-constrained wp-container-core-group-is-layout-17b0a6f7 wp-block-group-is-layout-constrained\" id=\"infos-pratiques\" style=\"padding-top:var(--wp--preset--spacing--40);padding-right:0;padding-bottom:var(--wp--preset--spacing--50);padding-left:0\">\n<h2 class=\"wp-block-heading has-text-align-center otx-rv-section-title\">Practical information<\/h2>\n\n\n\n<div class=\"wp-block-columns otx-rv-practical-grid is-layout-flex wp-container-core-columns-is-layout-8f761849 wp-block-columns-is-layout-flex\">\n<div class=\"wp-block-column is-layout-flow wp-block-column-is-layout-flow\">\n<div class=\"wp-block-group otx-rv-practical-card is-layout-constrained wp-block-group-is-layout-constrained\">\n<h3 class=\"wp-block-heading\">Access<\/h3>\n\n\n\n<p class=\"wp-block-paragraph\">Join us at Ferme de Bourgogne in Villers-le-Temple.<\/p>\n<\/div>\n<\/div>\n\n\n\n<div class=\"wp-block-column is-layout-flow wp-block-column-is-layout-flow\">\n<div class=\"wp-block-group otx-rv-practical-card is-layout-constrained wp-block-group-is-layout-constrained\">\n<h3 class=\"wp-block-heading\">Food &amp; bar<\/h3>\n\n\n\n<p class=\"wp-block-paragraph\">A bar will serve local beers and wines, along with sharing boards of cheese and charcuterie. Everyone can bring their own food and enjoy the weekend at their own pace.<\/p>\n<\/div>\n<\/div>\n\n\n\n<div class=\"wp-block-column is-layout-flow wp-block-column-is-layout-flow\">\n<div class=\"wp-block-group otx-rv-practical-card is-layout-constrained wp-block-group-is-layout-constrained\">\n<h3 class=\"wp-block-heading\">Booking<\/h3>\n\n\n\n<p class=\"wp-block-paragraph\">The number of vans and camper vehicles is limited. A reserved place guarantees you a space at the event site.<\/p>\n<\/div>\n<\/div>\n<\/div>\n<\/div>\n\n\n\n<div class=\"wp-block-group alignwide otx-rv-final-text is-layout-constrained wp-container-core-group-is-layout-0e99d5b9 wp-block-group-is-layout-constrained\" style=\"padding-top:var(--wp--preset--spacing--20);padding-right:var(--wp--preset--spacing--40);padding-bottom:var(--wp--preset--spacing--50);padding-left:var(--wp--preset--spacing--40)\">\n<style>\n\/* Rendez-VAN \u2014 animation du texte final *\/\n.otx-rv-final-text{\n  overflow:hidden;\n}\n\n.otx-rv-final-text > p{\n  position:relative;\n  display:table;\n  margin-left:auto;\n  margin-right:auto;\n  opacity:0;\n  transform:translateY(22px);\n  filter:blur(3px);\n}\n\n.otx-rv-final-text.is-visible > p{\n  animation:otx-rv-final-reveal 1s cubic-bezier(.22,.8,.28,1) forwards;\n}\n\n.otx-rv-final-text > p::after{\n  content:\"\";\n  position:absolute;\n  left:50%;\n  bottom:-12px;\n  width:0;\n  height:3px;\n  border-radius:999px;\n  opacity:0;\n  transform:translateX(-50%);\n  background:linear-gradient(\n    90deg,\n    transparent,\n    #c7922f 15%,\n    #e6be69 50%,\n    #c7922f 85%,\n    transparent\n  );\n}\n\n.otx-rv-final-text.is-visible > p::after{\n  animation:\n    otx-rv-final-line 1.15s cubic-bezier(.22,.8,.28,1) .55s forwards,\n    otx-rv-final-glow 2.8s ease-in-out 1.7s infinite;\n}\n\n@keyframes otx-rv-final-reveal{\n  from{\n    opacity:0;\n    transform:translateY(22px);\n    filter:blur(3px);\n  }\n  to{\n    opacity:1;\n    transform:translateY(0);\n    filter:blur(0);\n  }\n}\n\n@keyframes otx-rv-final-line{\n  from{\n    width:0;\n    opacity:0;\n  }\n  to{\n    width:72%;\n    opacity:1;\n  }\n}\n\n@keyframes otx-rv-final-glow{\n  0%,\n  100%{\n    box-shadow:0 0 0 rgba(199,146,47,0);\n  }\n  50%{\n    box-shadow:\n      0 0 8px rgba(199,146,47,.42),\n      0 0 18px rgba(199,146,47,.18);\n  }\n}\n\n@media (prefers-reduced-motion:reduce){\n  .otx-rv-final-text > p{\n    opacity:1;\n    transform:none;\n    filter:none;\n    animation:none;\n  }\n\n  .otx-rv-final-text > p::after{\n    width:72%;\n    opacity:1;\n    animation:none;\n  }\n}\n<\/style>\n\n<script>\ndocument.addEventListener('DOMContentLoaded', () => {\n  const block = document.querySelector('.otx-rv-final-text');\n\n  if (!block || !('IntersectionObserver' in window)) {\n    block?.classList.add('is-visible');\n    return;\n  }\n\n  let timerId = null;\n  let hasPlayed = false;\n\n  const observer = new IntersectionObserver((entries) => {\n    for (const entry of entries) {\n      if (hasPlayed) return;\n\n      if (entry.isIntersecting) {\n        clearTimeout(timerId);\n\n        timerId = window.setTimeout(() => {\n          if (!hasPlayed && entry.isIntersecting) {\n            block.classList.add('is-visible');\n            hasPlayed = true;\n            observer.unobserve(block);\n          }\n        }, 1000);\n      } else {\n        clearTimeout(timerId);\n        timerId = null;\n      }\n    }\n  }, {\n    threshold:0.3\n  });\n\n  observer.observe(block);\n});\n<\/script>\n\n\n\n<p class=\"has-text-align-center has-large-font-size wp-block-paragraph\">The aim of Rendez-Van is to offer a simple, welcoming occasion that encourages meeting people, exchanging ideas and sharing a passion for vanlife and converted vehicles.<\/p>\n<\/div>","protected":false},"excerpt":{"rendered":"<p>Accueil \u203a \u00c9v\u00e9nements \u203a Rendez-van Ferme de Bourgogne \u00b7 Villers-le-Temple \u00b7 3 et 4 octobre 2026 Rendez-vous \u00e0 la Ferme de Bourgogne, \u00e0 Villers-le-Temple, pour un week-end convivial consacr\u00e9 aux vans, camping-cars, v\u00e9hicules am\u00e9nag\u00e9s et tentes de toit. Que vous soyez passionn\u00e9, propri\u00e9taire d\u2019un v\u00e9hicule am\u00e9nag\u00e9 ou simplement curieux de d\u00e9couvrir cet univers, vous \u00eates&#8230;<\/p>","protected":false},"author":1,"featured_media":0,"parent":53,"menu_order":0,"comment_status":"closed","ping_status":"closed","template":"","meta":{"_kad_post_transparent":"","_kad_post_title":"","_kad_post_layout":"","_kad_post_sidebar_id":"","_kad_post_content_style":"","_kad_post_vertical_padding":"","_kad_post_feature":"","_kad_post_feature_position":"","_kad_post_header":false,"_kad_post_footer":false,"_kad_post_classname":"","footnotes":""},"class_list":["post-971","page","type-page","status-publish","hentry"],"_links":{"self":[{"href":"https:\/\/offtrailexperience.com\/en\/wp-json\/wp\/v2\/pages\/971","targetHints":{"allow":["GET"]}}],"collection":[{"href":"https:\/\/offtrailexperience.com\/en\/wp-json\/wp\/v2\/pages"}],"about":[{"href":"https:\/\/offtrailexperience.com\/en\/wp-json\/wp\/v2\/types\/page"}],"author":[{"embeddable":true,"href":"https:\/\/offtrailexperience.com\/en\/wp-json\/wp\/v2\/users\/1"}],"replies":[{"embeddable":true,"href":"https:\/\/offtrailexperience.com\/en\/wp-json\/wp\/v2\/comments?post=971"}],"version-history":[{"count":0,"href":"https:\/\/offtrailexperience.com\/en\/wp-json\/wp\/v2\/pages\/971\/revisions"}],"up":[{"embeddable":true,"href":"https:\/\/offtrailexperience.com\/en\/wp-json\/wp\/v2\/pages\/53"}],"wp:attachment":[{"href":"https:\/\/offtrailexperience.com\/en\/wp-json\/wp\/v2\/media?parent=971"}],"curies":[{"name":"wp","href":"https:\/\/api.w.org\/{rel}","templated":true}]}}