{"id":53,"date":"2026-06-02T10:45:57","date_gmt":"2026-06-02T08:45:57","guid":{"rendered":"https:\/\/www.offtrailexperience.poje9906.odns.fr\/bivouac-de-groupe\/"},"modified":"2026-09-03T13:15:58","modified_gmt":"2026-09-03T11:15:58","slug":"evenement-outdoor","status":"publish","type":"page","link":"https:\/\/offtrailexperience.com\/en\/evenement-outdoor\/","title":{"rendered":"Outdoor event"},"content":{"rendered":"<div class=\"wp-block-group alignwide otx-events-page is-layout-constrained wp-block-group-is-layout-constrained\">\n<div class=\"wp-block-cover alignfull is-light has-custom-content-position is-position-center-left otx-hero-left-layer\" style=\"padding-top:var(--wp--preset--spacing--80);padding-right:var(--wp--preset--spacing--70);padding-bottom:var(--wp--preset--spacing--80);padding-left:var(--wp--preset--spacing--70);min-height:800px;aspect-ratio:unset;\"><img loading=\"lazy\" decoding=\"async\" width=\"1024\" height=\"576\" class=\"wp-block-cover__image-background wp-image-962 size-large\" alt=\"page-evenement-outdoor-Offtrail-Experience\" src=\"https:\/\/offtrailexperience.com\/wp-content\/uploads\/2026\/06\/Evenement-outdoor_HERO-1024x576.webp\" data-object-fit=\"cover\" srcset=\"https:\/\/offtrailexperience.com\/wp-content\/uploads\/2026\/06\/Evenement-outdoor_HERO-1024x576.webp 1024w, https:\/\/offtrailexperience.com\/wp-content\/uploads\/2026\/06\/Evenement-outdoor_HERO-300x169.webp 300w, https:\/\/offtrailexperience.com\/wp-content\/uploads\/2026\/06\/Evenement-outdoor_HERO-768x432.webp 768w, https:\/\/offtrailexperience.com\/wp-content\/uploads\/2026\/06\/Evenement-outdoor_HERO-1536x864.webp 1536w, https:\/\/offtrailexperience.com\/wp-content\/uploads\/2026\/06\/Evenement-outdoor_HERO-18x10.webp 18w, https:\/\/offtrailexperience.com\/wp-content\/uploads\/2026\/06\/Evenement-outdoor_HERO-600x338.webp 600w, https:\/\/offtrailexperience.com\/wp-content\/uploads\/2026\/06\/Evenement-outdoor_HERO.webp 1672w\" sizes=\"auto, (max-width: 1024px) 100vw, 1024px\" \/><span aria-hidden=\"true\" class=\"wp-block-cover__background has-background-dim-0 has-background-dim\"><\/span><div class=\"wp-block-cover__inner-container is-layout-flow wp-block-cover-is-layout-flow\">\n<div class=\"wp-block-group otx-hero-content is-layout-constrained wp-block-group-is-layout-constrained\">\n<p class=\"otx-kicker wp-block-paragraph\">OUTDOOR EVENTS<\/p>\n\n\n\n<h1 class=\"wp-block-heading otx-hero-title\">Outdoor events<br>tailor-made<\/h1>\n\n\n\n<p class=\"otx-hero-lead wp-block-paragraph\">Organise a friendly, immersive and memorable experience: gatherings, activities, shared adventures and unforgettable moments in the great outdoors.<\/p>\n\n\n\n<div class=\"wp-block-buttons otx-hero-buttons is-content-justification-left is-layout-flex wp-container-core-buttons-is-layout-63375db1 wp-block-buttons-is-layout-flex\">\n<div class=\"wp-block-button otx-btn-primary\"><a class=\"wp-block-button__link wp-element-button\" href=\"#rendez-van\">Discover Rendez-Van<\/a><\/div>\n\n\n\n<div class=\"wp-block-button otx-btn-outline\"><a class=\"wp-block-button__link wp-element-button\" href=\"\/en\/contact\/\">Create my event<\/a><\/div>\n<\/div>\n<\/div>\n<\/div><\/div>\n\n\n\n<div id=\"rendez-van\" class=\"wp-block-group otx-featured-event alignwide is-layout-constrained wp-container-core-group-is-layout-dfaeee96 wp-block-group-is-layout-constrained\" style=\"padding-top:var(--wp--preset--spacing--70);padding-right:var(--wp--preset--spacing--60);padding-bottom:var(--wp--preset--spacing--70);padding-left:var(--wp--preset--spacing--60)\">\n<div class=\"wp-block-columns are-vertically-aligned-center otx-featured-columns is-layout-flex wp-container-core-columns-is-layout-8f761849 wp-block-columns-is-layout-flex\">\n<div class=\"wp-block-column is-vertically-aligned-center is-layout-flow wp-block-column-is-layout-flow\">\n<figure class=\"wp-block-image size-large otx-featured-image\"><img loading=\"lazy\" decoding=\"async\" width=\"1024\" height=\"572\" src=\"https:\/\/offtrailexperience.com\/wp-content\/uploads\/2026\/08\/Vletemple-1024x572.webp\" alt=\"Featured-evenement-Vletemple-Offtrail-Experience\" class=\"wp-image-9135\" srcset=\"https:\/\/offtrailexperience.com\/wp-content\/uploads\/2026\/08\/Vletemple-1024x572.webp 1024w, https:\/\/offtrailexperience.com\/wp-content\/uploads\/2026\/08\/Vletemple-300x167.webp 300w, https:\/\/offtrailexperience.com\/wp-content\/uploads\/2026\/08\/Vletemple-768x429.webp 768w, https:\/\/offtrailexperience.com\/wp-content\/uploads\/2026\/08\/Vletemple-18x10.webp 18w, https:\/\/offtrailexperience.com\/wp-content\/uploads\/2026\/08\/Vletemple.webp 1376w\" sizes=\"auto, (max-width: 1024px) 100vw, 1024px\" \/><\/figure>\n<\/div>\n\n\n\n<div class=\"wp-block-column is-vertically-aligned-center is-layout-flow wp-block-column-is-layout-flow\">\n<p class=\"otx-section-kicker wp-block-paragraph\">FEATURED EVENT<\/p>\n\n\n\n<h2 class=\"wp-block-heading otx-section-title\">Rendez-<mark style=\"background-color:rgba(0, 0, 0, 0)\" class=\"has-inline-color has-theme-palette-1-color\">VAN<\/mark><\/h2>\n\n\n\n<p class=\"otx-featured-subtitle wp-block-paragraph\">A weekend entirely dedicated to vans and converted vehicles in Villers-le-Temple - a friendly gathering centred on vans and roof tents.<\/p>\n\n\n\n<p class=\"wp-block-paragraph\">Whether you are an enthusiast, the owner of a converted vehicle or simply curious to discover this world, you are welcome.<\/p>\n\n\n\n<div class=\"wp-block-columns otx-event-facts is-layout-flex wp-container-core-columns-is-layout-8f761849 wp-block-columns-is-layout-flex\">\n<div class=\"wp-block-column is-layout-flow wp-block-column-is-layout-flow\">\n<p class=\"otx-fact-label wp-block-paragraph\">Dates<\/p>\n\n\n\n<p class=\"otx-fact-value wp-block-paragraph\"><mark style=\"background-color:rgba(0, 0, 0, 0)\" class=\"has-inline-color has-theme-palette-1-color\">Saturday 3 October<\/mark> <\/p>\n\n\n\n<p class=\"otx-fact-value wp-block-paragraph\">1pm to 10pm<\/p>\n<\/div>\n\n\n\n<div class=\"wp-block-column is-layout-flow wp-block-column-is-layout-flow\">\n<p class=\"otx-fact-label wp-block-paragraph\">Location<\/p>\n\n\n\n<p class=\"otx-fact-value wp-block-paragraph\"><mark style=\"background-color:rgba(0, 0, 0, 0)\" class=\"has-inline-color has-theme-palette-1-color\">Sunday 4 October<\/mark> <\/p>\n\n\n\n<p class=\"otx-fact-value wp-block-paragraph\">10am to 5pm<\/p>\n<\/div>\n<\/div>\n\n\n\n<div class=\"wp-block-columns otx-pricing-mini is-layout-flex wp-container-core-columns-is-layout-8f761849 wp-block-columns-is-layout-flex\">\n<div class=\"wp-block-column is-layout-flow wp-block-column-is-layout-flow\">\n<h3 class=\"wp-block-heading\">10\u20ac<\/h3>\n\n\n\n<p class=\"wp-block-paragraph\">per camper vehicle<\/p>\n<\/div>\n\n\n<\/div>\n\n\n\n<ul class=\"wp-block-list otx-feature-list\">\n<li>Gathering of vans and converted vehicles<\/li>\n\n\n\n<li>Meet-ups and sharing around vanlife<\/li>\n\n\n\n<li>A friendly weekend on site<\/li>\n<\/ul>\n\n\n\n<div class=\"wp-block-buttons otx-featured-buttons is-content-justification-left is-layout-flex wp-container-core-buttons-is-layout-63375db1 wp-block-buttons-is-layout-flex\">\n<div class=\"wp-block-button otx-btn-primary\"><a class=\"wp-block-button__link wp-element-button\" href=\"\/en\/contact\/\">Book my place<\/a><\/div>\n\n\n\n<div class=\"wp-block-button otx-btn-light is-style-outline is-style-outline--1\"><a class=\"wp-block-button__link has-background wp-element-button\" href=\"https:\/\/offtrailexperience.com\/en\/featured\/\" style=\"background-color:#052433\">View the programme<\/a><\/div>\n<\/div>\n<\/div>\n<\/div>\n<\/div>\n\n\n\n<div class=\"wp-block-cover alignwide is-light otx-adventure-together-section\" style=\"padding-right:var(--wp--preset--spacing--30);padding-left:var(--wp--preset--spacing--30);min-height:310px;aspect-ratio:unset;\"><img loading=\"lazy\" decoding=\"async\" width=\"1024\" height=\"511\" class=\"wp-block-cover__image-background wp-image-1024 size-large\" alt=\"aventure-ensemble-evenements-outdoor-Offtrail-Experience\" src=\"https:\/\/offtrailexperience.com\/wp-content\/uploads\/2026\/06\/aventure-ensemble-1024x511.webp\" data-object-fit=\"cover\" srcset=\"https:\/\/offtrailexperience.com\/wp-content\/uploads\/2026\/06\/aventure-ensemble-1024x511.webp 1024w, https:\/\/offtrailexperience.com\/wp-content\/uploads\/2026\/06\/aventure-ensemble-300x150.webp 300w, https:\/\/offtrailexperience.com\/wp-content\/uploads\/2026\/06\/aventure-ensemble-768x384.webp 768w, https:\/\/offtrailexperience.com\/wp-content\/uploads\/2026\/06\/aventure-ensemble-1536x767.webp 1536w, https:\/\/offtrailexperience.com\/wp-content\/uploads\/2026\/06\/aventure-ensemble-18x9.webp 18w, https:\/\/offtrailexperience.com\/wp-content\/uploads\/2026\/06\/aventure-ensemble-600x300.webp 600w, https:\/\/offtrailexperience.com\/wp-content\/uploads\/2026\/06\/aventure-ensemble.webp 1774w\" sizes=\"auto, (max-width: 1024px) 100vw, 1024px\" \/><span aria-hidden=\"true\" class=\"wp-block-cover__background has-background-dim-0 has-background-dim\" style=\"background-color:#9e8975\"><\/span><div class=\"wp-block-cover__inner-container is-layout-flow wp-block-cover-is-layout-flow\">\n<div class=\"wp-block-group otx-adventure-content is-layout-constrained wp-block-group-is-layout-constrained\">\n<p class=\"otx-adventure-kicker wp-block-paragraph\">OFF-TRAIL EXPERIENCE<\/p>\n\n\n\n<h2 class=\"wp-block-heading otx-adventure-title\">Adventure, together<\/h2>\n\n\n\n<p class=\"otx-adventure-text wp-block-paragraph\">Specialists in outdoor experiences in Belgium and Europe, we design tailor-made events around your wishes, objectives and group.<\/p>\n\n\n\n<div class=\"wp-block-group is-nowrap is-layout-flex wp-container-core-group-is-layout-8f761849 wp-block-group-is-layout-flex\">\n<svg\n  xmlns=\"https:\/\/www.w3.org\/2000\/svg\"\n  width=\"48\"\n  height=\"48\"\n  viewbox=\"0 0 48 48\"\n  aria-hidden=\"true\"\n  style=\"display:block\"\n>\n  <g\n    fill=\"none\"\n    stroke=\"#0B2F3F\"\n    stroke-width=\"1.8\"\n    stroke-linecap=\"round\"\n    stroke-linejoin=\"round\"\n  >\n    <!-- Cercle ext\u00e9rieur -->\n    <circle cx=\"24\" cy=\"24\" r=\"14.8\" \/>\n\n    <!-- Goutte \/ flamme int\u00e9rieure -->\n    <path d=\"M24 15.8             C27.4 19.5 30.4 23.0 30.4 27.0             C30.4 30.8 27.6 33.4 24.0 33.4             C20.4 33.4 17.6 30.8 17.6 27.0             C17.6 23.0 20.6 19.5 24 15.8 Z\" \/>\n\n    <!-- D\u00e9tail int\u00e9rieur -->\n    <path d=\"M24.2 21.2             C25.6 22.9 26.8 24.5 26.8 26.6             C26.8 28.5 25.6 29.8 24.0 29.8             C22.4 29.8 21.2 28.5 21.2 26.6             C21.2 24.6 22.6 22.8 24.2 21.2 Z\" \/>\n\n    <!-- Petit socle bas -->\n    <path d=\"M20.8 35.8 H27.2\" \/>\n  <\/g>\n<\/svg>\n\n\n\n<p class=\"wp-block-paragraph\"><span>Professional, supportive guidance<\/span><\/p>\n<\/div>\n\n\n\n<div class=\"wp-block-group is-nowrap is-layout-flex wp-container-core-group-is-layout-8f761849 wp-block-group-is-layout-flex\">\n<svg\n  xmlns=\"https:\/\/www.w3.org\/2000\/svg\"\n  width=\"48\"\n  height=\"48\"\n  viewbox=\"0 0 48 48\"\n  aria-hidden=\"true\"\n  style=\"display:block\"\n>\n  <g\n    fill=\"none\"\n    stroke=\"#0B2F3F\"\n    stroke-width=\"1.75\"\n    stroke-linecap=\"round\"\n    stroke-linejoin=\"round\"\n  >\n    <!-- Cercle ext\u00e9rieur -->\n    <circle cx=\"24\" cy=\"24\" r=\"15\" \/>\n\n    <!-- Cabane \/ maison centrale -->\n    <path d=\"M14.8 25.2 L24 16.4 L33.2 25.2\" \/>\n    <path d=\"M17.2 24.4 V34.2 H30.8 V24.4\" \/>\n\n    <!-- Toiture secondaire \/ relief -->\n    <path d=\"M18.8 25.2 L24 20.1 L29.2 25.2\" \/>\n\n    <!-- Porte centrale -->\n    <path d=\"M21.2 34.2 V27.6 H26.8 V34.2\" \/>\n\n    <!-- Fen\u00eatre gauche -->\n    <path d=\"M18.5 27.8 H20.2 V30.4 H18.5 Z\" \/>\n\n    <!-- Fen\u00eatre droite -->\n    <path d=\"M27.8 27.8 H29.5 V30.4 H27.8 Z\" \/>\n\n    <!-- Base -->\n    <path d=\"M16.2 34.2 H31.8\" \/>\n  <\/g>\n<\/svg>\n\n\n\n<p class=\"wp-block-paragraph\"><span>Authentic, responsible experiences<\/span><\/p>\n<\/div>\n\n\n\n<div class=\"wp-block-group is-nowrap is-layout-flex wp-container-core-group-is-layout-8f761849 wp-block-group-is-layout-flex\">\n<svg\n  xmlns=\"https:\/\/www.w3.org\/2000\/svg\"\n  width=\"48\"\n  height=\"48\"\n  viewbox=\"0 0 48 48\"\n  aria-hidden=\"true\"\n  style=\"display:block\"\n>\n  <g\n    fill=\"none\"\n    stroke=\"#0B2F3F\"\n    stroke-width=\"1.75\"\n    stroke-linecap=\"round\"\n    stroke-linejoin=\"round\"\n  >\n    <!-- Corps de l'appareil -->\n    <path d=\"M13.8 21.2             H18.1             L20.7 16.2             H27.3             L29.9 21.2             H34.2             C36.0 21.2 37.2 22.4 37.2 24.2             V34.2             C37.2 36.0 36.0 37.2 34.2 37.2             H13.8             C12.0 37.2 10.8 36.0 10.8 34.2             V24.2             C10.8 22.4 12.0 21.2 13.8 21.2 Z\" \/>\n\n    <!-- Prisme sup\u00e9rieur -->\n    <path d=\"M19.3 21.2             L22.0 14.8             H26.0             L28.7 21.2\" \/>\n\n    <!-- Objectif -->\n    <circle cx=\"24\" cy=\"29.2\" r=\"5.5\" \/>\n\n    <!-- Cercle interne de l'objectif -->\n    <circle cx=\"24\" cy=\"29.2\" r=\"2.5\" \/>\n\n    <!-- D\u00e9clencheur -->\n    <path d=\"M15.1 19.1 H18.1\" \/>\n\n    <!-- Petit viseur -->\n    <path d=\"M30.9 24.3 H33.7\" \/>\n\n    <!-- Base subtile -->\n    <path d=\"M14.4 37.2 H33.6\" \/>\n  <\/g>\n<\/svg>\n\n\n\n<p class=\"wp-block-paragraph\"><span>Hassle-free, turnkey logistics<\/span><\/p>\n<\/div>\n\n\n\n<div class=\"wp-block-buttons otx-adventure-buttons is-layout-flex wp-block-buttons-is-layout-flex\">\n<div class=\"wp-block-button otx-adventure-button\"><a class=\"wp-block-button__link wp-element-button\" href=\"\/en\/a-propos\/\">Learn more about us<\/a><\/div>\n<\/div>\n<\/div>\n<\/div><\/div>\n<\/div>","protected":false},"excerpt":{"rendered":"<p>\u00c9V\u00c9NEMENT \u00c0 LA UNE Rendez-VAN Un week-end 100% vans et v\u00e9hicules am\u00e9nag\u00e9s en \u00e0 Villers-le-Temple, pour un week-end convivial consacr\u00e9 aux vans et tentes de toit. Que vous soyez passionn\u00e9, propri\u00e9taire d\u2019un v\u00e9hicule am\u00e9nag\u00e9 ou simplement curieux de d\u00e9couvrir cet univers, vous \u00eates les bienvenus. Dates Samedi 3 octobre 13 h \u00e0 22 h Lieu&#8230;<\/p>","protected":false},"author":1,"featured_media":0,"parent":0,"menu_order":0,"comment_status":"closed","ping_status":"closed","template":"","meta":{"_kad_post_transparent":"","_kad_post_title":"","_kad_post_layout":"","_kad_post_sidebar_id":"","_kad_post_content_style":"","_kad_post_vertical_padding":"","_kad_post_feature":"","_kad_post_feature_position":"","_kad_post_header":false,"_kad_post_footer":false,"_kad_post_classname":"","footnotes":""},"class_list":["post-53","page","type-page","status-publish","hentry"],"_links":{"self":[{"href":"https:\/\/offtrailexperience.com\/en\/wp-json\/wp\/v2\/pages\/53","targetHints":{"allow":["GET"]}}],"collection":[{"href":"https:\/\/offtrailexperience.com\/en\/wp-json\/wp\/v2\/pages"}],"about":[{"href":"https:\/\/offtrailexperience.com\/en\/wp-json\/wp\/v2\/types\/page"}],"author":[{"embeddable":true,"href":"https:\/\/offtrailexperience.com\/en\/wp-json\/wp\/v2\/users\/1"}],"replies":[{"embeddable":true,"href":"https:\/\/offtrailexperience.com\/en\/wp-json\/wp\/v2\/comments?post=53"}],"version-history":[{"count":2,"href":"https:\/\/offtrailexperience.com\/en\/wp-json\/wp\/v2\/pages\/53\/revisions"}],"predecessor-version":[{"id":11354,"href":"https:\/\/offtrailexperience.com\/en\/wp-json\/wp\/v2\/pages\/53\/revisions\/11354"}],"wp:attachment":[{"href":"https:\/\/offtrailexperience.com\/en\/wp-json\/wp\/v2\/media?parent=53"}],"curies":[{"name":"wp","href":"https:\/\/api.w.org\/{rel}","templated":true}]}}